{"id":12,"date":"2026-03-22T02:29:07","date_gmt":"2026-03-22T02:29:07","guid":{"rendered":"https:\/\/gestionculturalchile.cl\/?page_id=12"},"modified":"2026-03-24T14:59:32","modified_gmt":"2026-03-24T14:59:32","slug":"atelier-valdivia","status":"publish","type":"page","link":"https:\/\/gestionculturalchile.cl\/","title":{"rendered":"Indice"},"content":{"rendered":"\n<div class=\"wp-block-group alignfull is-style-section-1 has-global-padding is-layout-constrained wp-container-core-group-is-layout-75f56b9d wp-block-group-is-layout-constrained is-style-section-1--1\" style=\"min-height:0vh;margin-top:0;margin-bottom:0;padding-top:var(--wp--preset--spacing--70);padding-right:var(--wp--preset--spacing--40);padding-bottom:var(--wp--preset--spacing--70);padding-left:var(--wp--preset--spacing--40)\">\n<div class=\"wp-block-group has-global-padding is-layout-constrained wp-container-core-group-is-layout-f15145cb wp-block-group-is-layout-constrained\">\n<h2 class=\"wp-block-heading has-text-align-center has-xx-large-font-size\" style=\"margin-right:0;margin-left:0;padding-right:0;padding-left:0\"><strong>Atelier Valdivia<\/strong><\/h2>\n\n\n\n<p class=\"has-text-align-center wp-block-paragraph\">Somos una concept store cultural que re\u00fane moda consciente, orfebrer\u00eda, vinilos y artes visuales en un mismo espacio.<\/p>\n\n\n\n<p class=\"has-text-align-center has-medium-font-size wp-block-paragraph\">Trabajamos desde la curadur\u00eda: investigar, seleccionar y reunir objetos que, al ponerse en relaci\u00f3n, construyen un relato. No se trata solo de cosas, sino de c\u00f3mo dialogan entre s\u00ed, de su historia, su materialidad y su permanencia.<\/p>\n\n\n\n<div style=\"height:100px\" aria-hidden=\"true\" class=\"wp-block-spacer\"><\/div>\n\n\n\n<div class=\"wp-block-buttons is-content-justification-center is-layout-flex wp-container-core-buttons-is-layout-35f06ea7 wp-block-buttons-is-layout-flex\">\n<div class=\"wp-block-button\"><a class=\"wp-block-button__link wp-element-button\">Con\u00f3cenos<\/a><\/div>\n<\/div>\n<\/div>\n<\/div>\n\n\n\n<div class=\"wp-block-group alignfull is-style-section-1 has-global-padding is-layout-constrained wp-block-group-is-layout-constrained is-style-section-1--2\" style=\"margin-top:0;margin-bottom:0;padding-top:var(--wp--preset--spacing--80);padding-bottom:var(--wp--preset--spacing--80)\">\n<div class=\"wp-block-columns alignwide is-layout-flex wp-container-core-columns-is-layout-f911b2ec wp-block-columns-is-layout-flex\">\n<div class=\"wp-block-column is-layout-flow wp-block-column-is-layout-flow\" style=\"padding-right:var(--wp--preset--spacing--50);flex-basis:45%\">\n<figure class=\"wp-block-image size-full is-resized\"><img loading=\"lazy\" decoding=\"async\" width=\"2560\" height=\"1707\" src=\"https:\/\/gestionculturalchile.cl\/wp-content\/uploads\/2026\/03\/DSCF0843-1-scaled.jpg\" alt=\"\" class=\"wp-image-24\" style=\"aspect-ratio:1.4997148247268899;width:422px;height:auto\" srcset=\"https:\/\/gestionculturalchile.cl\/wp-content\/uploads\/2026\/03\/DSCF0843-1-scaled.jpg 2560w, https:\/\/gestionculturalchile.cl\/wp-content\/uploads\/2026\/03\/DSCF0843-1-300x200.jpg 300w, https:\/\/gestionculturalchile.cl\/wp-content\/uploads\/2026\/03\/DSCF0843-1-1024x683.jpg 1024w, https:\/\/gestionculturalchile.cl\/wp-content\/uploads\/2026\/03\/DSCF0843-1-768x512.jpg 768w, https:\/\/gestionculturalchile.cl\/wp-content\/uploads\/2026\/03\/DSCF0843-1-1536x1024.jpg 1536w, https:\/\/gestionculturalchile.cl\/wp-content\/uploads\/2026\/03\/DSCF0843-1-2048x1365.jpg 2048w\" sizes=\"auto, (max-width: 2560px) 100vw, 2560px\" \/><\/figure>\n\n\n\n<div class=\"wp-block-group has-global-padding is-layout-constrained wp-block-group-is-layout-constrained\" style=\"margin-top:-12vw\">\n<figure class=\"wp-block-image alignright size-full is-resized\" style=\"margin-right:-5vw;margin-left:-5vw\"><img loading=\"lazy\" decoding=\"async\" width=\"720\" height=\"1080\" src=\"https:\/\/gestionculturalchile.cl\/wp-content\/uploads\/2026\/03\/3.png\" alt=\"\" class=\"wp-image-23\" style=\"width:202px\" srcset=\"https:\/\/gestionculturalchile.cl\/wp-content\/uploads\/2026\/03\/3.png 720w, https:\/\/gestionculturalchile.cl\/wp-content\/uploads\/2026\/03\/3-200x300.png 200w, https:\/\/gestionculturalchile.cl\/wp-content\/uploads\/2026\/03\/3-683x1024.png 683w\" sizes=\"auto, (max-width: 720px) 100vw, 720px\" \/><\/figure>\n<\/div>\n<\/div>\n\n\n\n<div class=\"wp-block-column is-vertically-aligned-center is-layout-flow wp-block-column-is-layout-flow\" style=\"padding-right:0;padding-left:0;flex-basis:50%\">\n<div class=\"wp-block-group is-vertical is-layout-flex wp-container-core-group-is-layout-831b2db5 wp-block-group-is-layout-flex\">\n<h2 class=\"wp-block-heading is-style-text-annotation is-style-text-annotation--3\">Sobre nosotros<\/h2>\n<\/div>\n\n\n\n<p class=\"has-text-align-center is-style-text-subtitle has-large-font-size is-style-text-subtitle--4 wp-block-paragraph\">El Atelier Valdivia es una tienda donde se encuentran la cultura, el territorio, el arte y el oficio.<br><\/p>\n\n\n\n<p class=\"is-style-text-subtitle is-style-text-subtitle--5 wp-block-paragraph\"><\/p>\n<\/div>\n<\/div>\n\n\n\n<div style=\"height:100px\" aria-hidden=\"true\" class=\"wp-block-spacer\"><\/div>\n<\/div>\n\n\n\n<div class=\"wp-block-group alignfull has-global-padding is-layout-constrained wp-container-core-group-is-layout-4bb49aaa wp-block-group-is-layout-constrained\" style=\"margin-top:0;margin-bottom:0;padding-top:var(--wp--preset--spacing--50);padding-bottom:var(--wp--preset--spacing--50)\">\n<h2 class=\"wp-block-heading alignwide\">Lo que hacemos<\/h2>\n\n\n\n<div class=\"wp-block-columns alignwide is-layout-flex wp-container-core-columns-is-layout-794e3cfa wp-block-columns-is-layout-flex\">\n<div class=\"wp-block-column is-layout-flow wp-block-column-is-layout-flow\">\n<div class=\"wp-block-cover\" style=\"min-height:175px;aspect-ratio:unset;\"><img loading=\"lazy\" decoding=\"async\" width=\"1440\" height=\"2560\" class=\"wp-block-cover__image-background wp-image-16 size-full\" alt=\"\" src=\"https:\/\/gestionculturalchile.cl\/wp-content\/uploads\/2026\/03\/IMG_2085-scaled.jpg\" style=\"object-position:50% 20%\" data-object-fit=\"cover\" data-object-position=\"50% 20%\" srcset=\"https:\/\/gestionculturalchile.cl\/wp-content\/uploads\/2026\/03\/IMG_2085-scaled.jpg 1440w, https:\/\/gestionculturalchile.cl\/wp-content\/uploads\/2026\/03\/IMG_2085-169x300.jpg 169w, https:\/\/gestionculturalchile.cl\/wp-content\/uploads\/2026\/03\/IMG_2085-576x1024.jpg 576w, https:\/\/gestionculturalchile.cl\/wp-content\/uploads\/2026\/03\/IMG_2085-768x1365.jpg 768w, https:\/\/gestionculturalchile.cl\/wp-content\/uploads\/2026\/03\/IMG_2085-864x1536.jpg 864w, https:\/\/gestionculturalchile.cl\/wp-content\/uploads\/2026\/03\/IMG_2085-1152x2048.jpg 1152w\" sizes=\"auto, (max-width: 1440px) 100vw, 1440px\" \/><span aria-hidden=\"true\" class=\"wp-block-cover__background has-background-dim-40 has-background-dim\" style=\"background-color:#7f7f74\"><\/span><div class=\"wp-block-cover__inner-container is-layout-flow wp-block-cover-is-layout-flow\">\n<p class=\"has-text-align-center has-base-color has-text-color has-link-color has-large-font-size wp-elements-1 wp-block-paragraph\" style=\"border-width:2px\"><strong><code><kbd><mark style=\"background-color:rgba(0, 0, 0, 0)\" class=\"has-inline-color has-base-color\">Moda sostenible<\/mark><\/kbd><\/code><\/strong><\/p>\n<\/div><\/div>\n\n\n\n<h3 class=\"wp-block-heading\"><\/h3>\n<\/div>\n\n\n\n<div class=\"wp-block-column is-layout-flow wp-block-column-is-layout-flow\">\n<div class=\"wp-block-cover\" style=\"min-height:175px;aspect-ratio:unset;\"><img loading=\"lazy\" decoding=\"async\" width=\"1024\" height=\"576\" class=\"wp-block-cover__image-background wp-image-13\" alt=\"\" src=\"https:\/\/gestionculturalchile.cl\/wp-content\/uploads\/2026\/03\/71FCADFF-EBFF-4591-94C4-EB283A286652-1024x576.jpg\" data-object-fit=\"cover\" srcset=\"https:\/\/gestionculturalchile.cl\/wp-content\/uploads\/2026\/03\/71FCADFF-EBFF-4591-94C4-EB283A286652-1024x576.jpg 1024w, https:\/\/gestionculturalchile.cl\/wp-content\/uploads\/2026\/03\/71FCADFF-EBFF-4591-94C4-EB283A286652-300x169.jpg 300w, https:\/\/gestionculturalchile.cl\/wp-content\/uploads\/2026\/03\/71FCADFF-EBFF-4591-94C4-EB283A286652-768x432.jpg 768w, https:\/\/gestionculturalchile.cl\/wp-content\/uploads\/2026\/03\/71FCADFF-EBFF-4591-94C4-EB283A286652-1536x864.jpg 1536w, https:\/\/gestionculturalchile.cl\/wp-content\/uploads\/2026\/03\/71FCADFF-EBFF-4591-94C4-EB283A286652-2048x1152.jpg 2048w\" sizes=\"auto, (max-width: 1024px) 100vw, 1024px\" \/><span aria-hidden=\"true\" class=\"wp-block-cover__background has-background-dim\"><\/span><div class=\"wp-block-cover__inner-container is-layout-flow wp-block-cover-is-layout-flow\">\n<p class=\"has-text-align-center has-large-font-size wp-block-paragraph\" style=\"border-width:3px;border-top-left-radius:0px;border-top-right-radius:0px;border-bottom-left-radius:0px;border-bottom-right-radius:0px;margin-top:0;margin-right:var(--wp--preset--spacing--20);margin-bottom:0;margin-left:var(--wp--preset--spacing--20);padding-right:0;padding-left:0\"><kbd>Pinturas y cuadros<\/kbd><\/p>\n<\/div><\/div>\n<\/div>\n\n\n\n<div class=\"wp-block-column is-layout-flow wp-block-column-is-layout-flow\">\n<div class=\"wp-block-cover\" style=\"min-height:175px;aspect-ratio:unset;\"><img loading=\"lazy\" decoding=\"async\" width=\"1024\" height=\"683\" class=\"wp-block-cover__image-background wp-image-17 size-large\" alt=\"\" src=\"https:\/\/gestionculturalchile.cl\/wp-content\/uploads\/2026\/03\/DSCF0818-1024x683.jpg\" data-object-fit=\"cover\" srcset=\"https:\/\/gestionculturalchile.cl\/wp-content\/uploads\/2026\/03\/DSCF0818-1024x683.jpg 1024w, https:\/\/gestionculturalchile.cl\/wp-content\/uploads\/2026\/03\/DSCF0818-300x200.jpg 300w, https:\/\/gestionculturalchile.cl\/wp-content\/uploads\/2026\/03\/DSCF0818-768x512.jpg 768w, https:\/\/gestionculturalchile.cl\/wp-content\/uploads\/2026\/03\/DSCF0818-1536x1024.jpg 1536w, https:\/\/gestionculturalchile.cl\/wp-content\/uploads\/2026\/03\/DSCF0818-2048x1365.jpg 2048w\" sizes=\"auto, (max-width: 1024px) 100vw, 1024px\" \/><span aria-hidden=\"true\" class=\"wp-block-cover__background has-background-dim\" style=\"background-color:#837674\"><\/span><div class=\"wp-block-cover__inner-container is-layout-flow wp-block-cover-is-layout-flow\">\n<p class=\"has-text-align-center has-large-font-size wp-block-paragraph\" style=\"border-width:2px;border-top-left-radius:0px;border-top-right-radius:0px;border-bottom-left-radius:0px;border-bottom-right-radius:0px\"><strong><kbd>Orfebrer\u00eda<\/kbd><\/strong><\/p>\n<\/div><\/div>\n\n\n\n<h3 class=\"wp-block-heading\"><\/h3>\n<\/div>\n\n\n\n<div class=\"wp-block-column is-layout-flow wp-block-column-is-layout-flow\">\n<div class=\"wp-block-cover is-light\" style=\"min-height:175px;aspect-ratio:unset;\"><img loading=\"lazy\" decoding=\"async\" width=\"1024\" height=\"575\" class=\"wp-block-cover__image-background wp-image-18 size-full\" alt=\"\" src=\"https:\/\/gestionculturalchile.cl\/wp-content\/uploads\/2026\/03\/3921184.jpg\" style=\"object-position:30% 60%\" data-object-fit=\"cover\" data-object-position=\"30% 60%\" srcset=\"https:\/\/gestionculturalchile.cl\/wp-content\/uploads\/2026\/03\/3921184.jpg 1024w, https:\/\/gestionculturalchile.cl\/wp-content\/uploads\/2026\/03\/3921184-300x168.jpg 300w, https:\/\/gestionculturalchile.cl\/wp-content\/uploads\/2026\/03\/3921184-768x431.jpg 768w\" sizes=\"auto, (max-width: 1024px) 100vw, 1024px\" \/><span aria-hidden=\"true\" class=\"wp-block-cover__background has-background-dim\" style=\"background-color:#9c908a\"><\/span><div class=\"wp-block-cover__inner-container is-layout-flow wp-block-cover-is-layout-flow\">\n<p class=\"has-text-align-center has-border-color has-base-border-color has-base-color has-text-color has-link-color has-large-font-size wp-elements-2 wp-block-paragraph\" style=\"border-width:2px\"><kbd><strong>Vinilos<\/strong><\/kbd><\/p>\n<\/div><\/div>\n\n\n\n<h3 class=\"wp-block-heading\"><\/h3>\n\n\n\n<p class=\"has-medium-font-size wp-block-paragraph\"><\/p>\n<\/div>\n<\/div>\n\n\n\n<figure class=\"wp-block-pullquote has-x-large-font-size\"><blockquote><p>No trabajamos con objetos desechables, sino con piezas que tienen historia y permanecen en el tiempo.<\/p><\/blockquote><\/figure>\n\n\n\n<p class=\"wp-block-paragraph\"><\/p>\n\n\n\n<div style=\"height:100px\" aria-hidden=\"true\" class=\"wp-block-spacer\"><\/div>\n<\/div>\n\n\n\n<div class=\"wp-block-group alignfull is-vertical is-nowrap is-layout-flex wp-container-core-group-is-layout-7647062b wp-block-group-is-layout-flex\" style=\"margin-top:0;margin-bottom:0;padding-top:var(--wp--preset--spacing--60);padding-bottom:var(--wp--preset--spacing--60)\">\n<div class=\"wp-block-columns alignwide is-layout-flex wp-container-core-columns-is-layout-6108e6a5 wp-block-columns-is-layout-flex\">\n<div class=\"wp-block-column is-layout-flow wp-block-column-is-layout-flow\">\n<div class=\"wp-block-group is-vertical is-content-justification-left is-layout-flex wp-container-core-group-is-layout-1e881699 wp-block-group-is-layout-flex\" style=\"min-height:100%\">\n<h2 class=\"wp-block-heading is-style-text-annotation has-x-small-font-size is-style-text-annotation--6\">QUI\u00c9NES SOMOS<\/h2>\n\n\n\n<p class=\"is-style-default has-xx-large-font-size wp-block-paragraph\">Veronica Fredes<\/p>\n\n\n\n<blockquote class=\"wp-block-quote is-style-plain has-xx-large-font-size is-layout-flow wp-container-core-quote-is-layout-a54b8880 wp-block-quote-is-layout-flow is-style-plain--7\" style=\"font-style:normal;font-weight:400\">\n<p class=\"wp-block-paragraph\"><\/p>\n<cite><mark style=\"background-color:rgba(0, 0, 0, 0)\" class=\"has-inline-color has-contrast-color\">Artista y fundadora del Atelier Valdivia. Su trabajo se desarrolla desde la orfebrer\u00eda y la exploraci\u00f3n de materiales, poniendo en el centro el oficio, el proceso y la creaci\u00f3n hecha a mano.<\/mark><\/cite><\/blockquote>\n\n\n\n<div class=\"wp-block-group is-nowrap is-layout-flex wp-container-core-group-is-layout-3609efda wp-block-group-is-layout-flex\" style=\"margin-top:0;margin-bottom:0;padding-top:0;padding-right:0;padding-bottom:0;padding-left:0\"><\/div>\n<\/div>\n<\/div>\n\n\n\n<div class=\"wp-block-column is-style-section-2 has-base-background-color has-background is-layout-flow wp-block-column-is-layout-flow is-style-section-2--8\" style=\"padding-top:0;padding-right:var(--wp--preset--spacing--50);padding-bottom:0;padding-left:var(--wp--preset--spacing--50)\">\n<figure class=\"wp-block-image size-large\"><img loading=\"lazy\" decoding=\"async\" width=\"819\" height=\"1024\" src=\"https:\/\/gestionculturalchile.cl\/wp-content\/uploads\/2026\/03\/WhatsApp-Image-2026-03-19-at-9.16.45-PM-819x1024.jpeg\" alt=\"\" class=\"wp-image-26\" style=\"aspect-ratio:3\/4;object-fit:cover\" srcset=\"https:\/\/gestionculturalchile.cl\/wp-content\/uploads\/2026\/03\/WhatsApp-Image-2026-03-19-at-9.16.45-PM-819x1024.jpeg 819w, https:\/\/gestionculturalchile.cl\/wp-content\/uploads\/2026\/03\/WhatsApp-Image-2026-03-19-at-9.16.45-PM-240x300.jpeg 240w, https:\/\/gestionculturalchile.cl\/wp-content\/uploads\/2026\/03\/WhatsApp-Image-2026-03-19-at-9.16.45-PM-768x960.jpeg 768w, https:\/\/gestionculturalchile.cl\/wp-content\/uploads\/2026\/03\/WhatsApp-Image-2026-03-19-at-9.16.45-PM.jpeg 896w\" sizes=\"auto, (max-width: 819px) 100vw, 819px\" \/><\/figure>\n<\/div>\n<\/div>\n<\/div>\n\n\n\n<div class=\"wp-block-group alignfull has-global-padding is-layout-constrained wp-block-group-is-layout-constrained\" style=\"margin-top:0;margin-bottom:0;padding-top:var(--wp--preset--spacing--60);padding-bottom:var(--wp--preset--spacing--60)\">\n<h2 class=\"wp-block-heading alignwide has-text-align-center\"><strong>Explorar el Atelier<\/strong><\/h2>\n\n\n\n<p class=\"has-text-align-center wp-block-paragraph\">Recorre las distintas \u00e1reas del espacio<\/p>\n\n\n\n<div class=\"wp-block-columns is-layout-flex wp-container-core-columns-is-layout-794e3cfa wp-block-columns-is-layout-flex\">\n<div class=\"wp-block-column is-layout-flow wp-block-column-is-layout-flow\">\n<figure class=\"wp-block-image size-full\"><img loading=\"lazy\" decoding=\"async\" width=\"1200\" height=\"1500\" src=\"https:\/\/gestionculturalchile.cl\/wp-content\/uploads\/2026\/03\/1.png\" alt=\"Conoce nuestros productos\" class=\"wp-image-37\" style=\"aspect-ratio:1;object-fit:cover\" srcset=\"https:\/\/gestionculturalchile.cl\/wp-content\/uploads\/2026\/03\/1.png 1200w, https:\/\/gestionculturalchile.cl\/wp-content\/uploads\/2026\/03\/1-240x300.png 240w, https:\/\/gestionculturalchile.cl\/wp-content\/uploads\/2026\/03\/1-819x1024.png 819w, https:\/\/gestionculturalchile.cl\/wp-content\/uploads\/2026\/03\/1-768x960.png 768w\" sizes=\"auto, (max-width: 1200px) 100vw, 1200px\" \/><\/figure>\n<\/div>\n\n\n\n<div class=\"wp-block-column is-layout-flow wp-block-column-is-layout-flow\">\n<figure class=\"wp-block-image size-full\"><img loading=\"lazy\" decoding=\"async\" width=\"1200\" height=\"1500\" src=\"https:\/\/gestionculturalchile.cl\/wp-content\/uploads\/2026\/03\/2.png\" alt=\"Conoce nuestros talleres\" class=\"wp-image-39\" style=\"aspect-ratio:1;object-fit:cover\" srcset=\"https:\/\/gestionculturalchile.cl\/wp-content\/uploads\/2026\/03\/2.png 1200w, https:\/\/gestionculturalchile.cl\/wp-content\/uploads\/2026\/03\/2-240x300.png 240w, https:\/\/gestionculturalchile.cl\/wp-content\/uploads\/2026\/03\/2-819x1024.png 819w, https:\/\/gestionculturalchile.cl\/wp-content\/uploads\/2026\/03\/2-768x960.png 768w\" sizes=\"auto, (max-width: 1200px) 100vw, 1200px\" \/><\/figure>\n<\/div>\n\n\n\n<div class=\"wp-block-column is-layout-flow wp-block-column-is-layout-flow\">\n<figure class=\"wp-block-image size-full\"><img loading=\"lazy\" decoding=\"async\" width=\"1200\" height=\"1500\" src=\"https:\/\/gestionculturalchile.cl\/wp-content\/uploads\/2026\/03\/3-1.png\" alt=\"Conoce d\u00f3nde est\u00e1 ubicado el Atelier\" class=\"wp-image-40\" style=\"aspect-ratio:1;object-fit:cover\" srcset=\"https:\/\/gestionculturalchile.cl\/wp-content\/uploads\/2026\/03\/3-1.png 1200w, https:\/\/gestionculturalchile.cl\/wp-content\/uploads\/2026\/03\/3-1-240x300.png 240w, https:\/\/gestionculturalchile.cl\/wp-content\/uploads\/2026\/03\/3-1-819x1024.png 819w, https:\/\/gestionculturalchile.cl\/wp-content\/uploads\/2026\/03\/3-1-768x960.png 768w\" sizes=\"auto, (max-width: 1200px) 100vw, 1200px\" \/><\/figure>\n<\/div>\n<\/div>\n\n\n\n<div style=\"height:0px;width:0px\" aria-hidden=\"true\" class=\"wp-block-spacer\"><\/div>\n\n\n\n<div class=\"wp-block-columns alignwide is-layout-flex wp-container-core-columns-is-layout-f765c490 wp-block-columns-is-layout-flex\">\n<div class=\"wp-block-column has-border-color is-layout-flow wp-block-column-is-layout-flow\" style=\"border-color:var(--wp--preset--color--accent-6);border-width:1px;border-radius:10px;padding-top:var(--wp--preset--spacing--50);padding-right:var(--wp--preset--spacing--50);padding-bottom:var(--wp--preset--spacing--50);padding-left:var(--wp--preset--spacing--50)\">\n<h3 class=\"wp-block-heading\" id=\"free\">Free<\/h3>\n\n\n\n<p class=\"has-large-font-size wp-block-paragraph\">0\u20ac<\/p>\n\n\n\n<ul style=\"padding-bottom:var(--wp--preset--spacing--20);padding-left:var(--wp--preset--spacing--20)\" class=\"wp-block-list is-style-checkmark-list has-small-font-size\">\n<li>Get access to our paid articles and weekly newsletter.<\/li>\n\n\n\n<li>Join our IRL events.<\/li>\n\n\n\n<li>Get a free tote bag.<\/li>\n\n\n\n<li>An elegant addition of home decor collection.<\/li>\n\n\n\n<li>Join our forums.<\/li>\n<\/ul>\n\n\n\n<div class=\"wp-block-buttons is-content-justification-center is-layout-flex wp-container-core-buttons-is-layout-35f06ea7 wp-block-buttons-is-layout-flex\">\n<div class=\"wp-block-button has-custom-width wp-block-button__width-100\"><a class=\"wp-block-button__link wp-element-button\">Join<\/a><\/div>\n<\/div>\n<\/div>\n\n\n\n<div class=\"wp-block-column has-border-color is-layout-flow wp-block-column-is-layout-flow\" style=\"border-color:var(--wp--preset--color--accent-6);border-width:1px;border-radius:10px;padding-top:var(--wp--preset--spacing--50);padding-right:var(--wp--preset--spacing--50);padding-bottom:var(--wp--preset--spacing--50);padding-left:var(--wp--preset--spacing--50)\">\n<h3 class=\"wp-block-heading\" id=\"single\">Single<\/h3>\n\n\n\n<p class=\"has-large-font-size wp-block-paragraph\">20\u20ac\/month<\/p>\n\n\n\n<ul style=\"padding-bottom:var(--wp--preset--spacing--20);padding-left:var(--wp--preset--spacing--20)\" class=\"wp-block-list is-style-checkmark-list has-small-font-size\">\n<li>Get access to our paid articles and weekly newsletter.<\/li>\n\n\n\n<li>Join our IRL events.<\/li>\n\n\n\n<li>Get a free tote bag.<\/li>\n\n\n\n<li>An elegant addition of home decor collection.<\/li>\n\n\n\n<li>Join our forums.<\/li>\n<\/ul>\n\n\n\n<div class=\"wp-block-buttons is-content-justification-center is-layout-flex wp-container-core-buttons-is-layout-35f06ea7 wp-block-buttons-is-layout-flex\">\n<div class=\"wp-block-button has-custom-width wp-block-button__width-100\"><a class=\"wp-block-button__link wp-element-button\">Join<\/a><\/div>\n<\/div>\n<\/div>\n<\/div>\n<\/div>\n\n\n\n<aside class=\"wp-block-group alignfull is-style-section-3 has-global-padding is-layout-constrained wp-container-core-group-is-layout-0553457c wp-block-group-is-layout-constrained is-style-section-3--9\" style=\"margin-top:0;margin-bottom:0;padding-top:var(--wp--preset--spacing--50);padding-right:var(--wp--preset--spacing--50);padding-bottom:var(--wp--preset--spacing--50);padding-left:var(--wp--preset--spacing--50)\">\n<div class=\"wp-block-group is-vertical is-content-justification-center is-layout-flex wp-container-core-group-is-layout-65db5ff9 wp-block-group-is-layout-flex\" style=\"min-height:360px;margin-top:0;margin-bottom:0\">\n<h2 class=\"wp-block-heading has-text-align-center has-xx-large-font-size\">Sign up to get daily stories<\/h2>\n\n\n\n<p class=\"has-text-align-center is-style-text-subtitle is-style-text-subtitle--10 wp-block-paragraph\">Get access to a curated collection of moments in time featuring photographs from historical relevance.<\/p>\n\n\n\n<div style=\"height:0px\" aria-hidden=\"true\" class=\"wp-block-spacer wp-container-content-62aae154\"><\/div>\n\n\n\n<div class=\"wp-block-buttons is-content-justification-center is-layout-flex wp-container-core-buttons-is-layout-35f06ea7 wp-block-buttons-is-layout-flex\">\n<div class=\"wp-block-button\"><a class=\"wp-block-button__link has-text-align-center wp-element-button\">Subscribe<\/a><\/div>\n<\/div>\n<\/div>\n<\/aside>\n\n\n\n<p class=\"wp-block-paragraph\"><\/p>\n","protected":false},"excerpt":{"rendered":"<p>Atelier Valdivia Somos una concept store cultural que re\u00fane moda consciente, orfebrer\u00eda, vinilos y artes visuales en un mismo espacio. Trabajamos desde la curadur\u00eda: investigar, seleccionar y reunir objetos que, al ponerse en relaci\u00f3n, construyen un relato. No se trata solo de cosas, sino de c\u00f3mo dialogan entre s\u00ed, de su historia, su materialidad y [&hellip;]<\/p>\n","protected":false},"author":1,"featured_media":28,"parent":0,"menu_order":0,"comment_status":"closed","ping_status":"closed","template":"page-no-title","meta":{"footnotes":""},"class_list":["post-12","page","type-page","status-publish","has-post-thumbnail","hentry"],"_links":{"self":[{"href":"https:\/\/gestionculturalchile.cl\/index.php\/wp-json\/wp\/v2\/pages\/12","targetHints":{"allow":["GET"]}}],"collection":[{"href":"https:\/\/gestionculturalchile.cl\/index.php\/wp-json\/wp\/v2\/pages"}],"about":[{"href":"https:\/\/gestionculturalchile.cl\/index.php\/wp-json\/wp\/v2\/types\/page"}],"author":[{"embeddable":true,"href":"https:\/\/gestionculturalchile.cl\/index.php\/wp-json\/wp\/v2\/users\/1"}],"replies":[{"embeddable":true,"href":"https:\/\/gestionculturalchile.cl\/index.php\/wp-json\/wp\/v2\/comments?post=12"}],"version-history":[{"count":15,"href":"https:\/\/gestionculturalchile.cl\/index.php\/wp-json\/wp\/v2\/pages\/12\/revisions"}],"predecessor-version":[{"id":56,"href":"https:\/\/gestionculturalchile.cl\/index.php\/wp-json\/wp\/v2\/pages\/12\/revisions\/56"}],"wp:featuredmedia":[{"embeddable":true,"href":"https:\/\/gestionculturalchile.cl\/index.php\/wp-json\/wp\/v2\/media\/28"}],"wp:attachment":[{"href":"https:\/\/gestionculturalchile.cl\/index.php\/wp-json\/wp\/v2\/media?parent=12"}],"curies":[{"name":"wp","href":"https:\/\/api.w.org\/{rel}","templated":true}]}}